{"id":2007,"date":"2024-05-03T11:50:19","date_gmt":"2024-05-03T09:50:19","guid":{"rendered":"https:\/\/www.citykamp.com\/aix-en-provence\/emplacements\/"},"modified":"2025-10-21T10:21:51","modified_gmt":"2025-10-21T08:21:51","slug":"parcelas-de-camping","status":"publish","type":"page","link":"https:\/\/www.camping-aix-en-provence.com\/es\/parcelas-de-camping\/","title":{"rendered":"Parcelas de camping"},"content":{"rendered":"<div class=\"wpb-content-wrapper\"><p>[vc_row css=\u00bb.vc_custom_1732029271186{margin-left: -0.5px !important;}\u00bb][vc_column]<img decoding=\"async\" class=\"header-img\" src=\"https:\/\/www.camping-aix-en-provence.com\/uploads\/sites\/55\/2025\/08\/citykamp-aix-en-provence-emplacements-header.jpg\">[vc_empty_space height=\u00bb20px\u00bb]<div class=\"wrappedcontent\">[vc_column_text css=\u00bb\u00bb]<\/p>\n<h1 style=\"text-align: center;\"><span style=\"font-size: 24pt;\"><strong>Acampa a las puertas de Aix-en-Provence, entre los pinos y el canto de las cigarras<\/strong><\/span><\/h1>\n<p>[\/vc_column_text][vc_empty_space][vc_row_inner gap=\u00bb35&#8243; css=\u00bb.vc_custom_1714727470720{margin-left: -0.5px !important;}\u00bb][vc_column_inner width=\u00bb1\/2&#8243;][vc_images_carousel images=\u00bb4669,4687,4675,4681,5034,5040&#8243; img_size=\u00bb600&#215;500&#8243; onclick=\u00bblink_no\u00bb speed=\u00bb4000&#8243; autoplay=\u00bbyes\u00bb wrap=\u00bbyes\u00bb css=\u00bb\u00bb][\/vc_column_inner][vc_column_inner width=\u00bb1\/2&#8243;][vc_column_text css=\u00bb\u00bb]<\/p>\n<p style=\"text-align: left;\">El camping, con una ubicaci\u00f3n ideal a 10 minutos del centro de Aix-en-Provence y a 40 minutos de Marsella, ofrece una atm\u00f3sfera provenzal aut\u00e9ntica. Ven con tu tienda, furgoneta, caravana o autocaravana.<\/p>\n<p style=\"text-align: left;\">Disfruta de nuestras bonitas parcelas con sombra, llanas y accesibles para autocaravanas, u opta por una parcela bajo los pinos que dominan el camping.<\/p>\n<p style=\"text-align: left;\">La tarifa para una parcela para dos personas incluye:<br \/>\nuna conexi\u00f3n el\u00e9ctrica (recuerda traer adaptador y alargador)<br \/>\nuna instalaci\u00f3n (tienda o caravana)<br \/>\nuna plaza para un veh\u00edculo (autocaravana, furgoneta, coche o moto)<\/p>\n<p style=\"text-align: left;\">Tambi\u00e9n hay disponible una zona de servicio para autocaravanas (gratis con la parcela)<\/p>\n<p><span style=\"text-decoration: underline; color: #e94e1b;\"><a style=\"color: #e94e1b;\" href=\"https:\/\/media.huttopia.com\/destinations\/aix-en-provence\/plan-camping-aix-en-provence.pdf\" target=\"_blank\" rel=\"noopener\"><strong>Ver el plano del camping<\/strong><\/a><\/span>[\/vc_column_text]<div class=\" btnwrap\"><a class=\"btn btn-huttopia-cta\" href=\"https:\/\/checkout.citykamp.com\/965\/es\/\" role=\"button\" target=\"true\" onclick=\"dataLayer.push({'event':'clickCity', 'clickText':'RESERVAR PARCELA'})\">RESERVAR PARCELA<\/a><\/div>[\/vc_column_inner][\/vc_row_inner]<\/div>[\/vc_column][\/vc_row][vc_row css=\u00bb.vc_custom_1739892291909{margin-left: -0.5px !important;background-color: #E8E8E8 !important;}\u00bb][vc_column]<div class=\"wrappedcontent\">[vc_row_inner gap=\u00bb35&#8243; css=\u00bb.vc_custom_1714729943907{margin-left: -0.5px !important;}\u00bb][vc_column_inner width=\u00bb1\/2&#8243;][vc_column_text css=\u00bb\u00bb]<\/p>\n<h3 style=\"text-align: left;\"><span style=\"font-size: 18pt; color: #e94e1b;\"><strong>ASEOS<\/strong><\/span><\/h3>\n<p style=\"text-align: left;\">El camping de Aix-en-Provence cuenta con dos bloques de ba\u00f1os espaciosos y bien iluminados, pensados para la comodidad de los clientes. Est\u00e1n completamente renovados y abiertos al exterior, para ofrecer una atm\u00f3sfera interior\/exterior agradable.<\/p>\n<p style=\"text-align: left;\">Los ba\u00f1os se limpian y revisan varias veces al d\u00eda, cuentan con un espacio espec\u00edfico para beb\u00e9s y son accesibles para personas con movilidad reducida.<\/p>\n<p style=\"text-align: left;\">Tambi\u00e9n hay disponible un espacio de lavander\u00eda con lavadoras y secadora.<\/p>\n<p>[\/vc_column_text][\/vc_column_inner][vc_column_inner width=\u00bb1\/2&#8243;][vc_images_carousel images=\u00bb4693,4699,4705,4711,4717&#8243; img_size=\u00bb600&#215;500&#8243; onclick=\u00bblink_no\u00bb speed=\u00bb4000&#8243; autoplay=\u00bbyes\u00bb wrap=\u00bbyes\u00bb css=\u00bb\u00bb][\/vc_column_inner][\/vc_row_inner]<\/div>[\/vc_column][\/vc_row][vc_row css=\u00bb.vc_custom_1739892173009{margin-left: -0.5px !important;border-color: #EEEEEEEE !important;}\u00bb][vc_column][vc_empty_space height=\u00bb15px\u00bb]<div class=\"wrappedcontent\">[vc_column_text css=\u00bb\u00bb]<\/p>\n<h3 style=\"text-align: center;\"><span style=\"font-size: 18pt;\"><strong>TODOS LOS SERVICIOS PARA LOS CAMPISTAS<\/strong><\/span><\/h3>\n<p>[\/vc_column_text][vc_empty_space][vc_row_inner gap=\u00bb35&#8243; css=\u00bb.vc_custom_1714727681720{margin-left: -0.5px !important;}\u00bb][vc_column_inner width=\u00bb1\/4&#8243;][vc_single_image image=\u00bb2249&#8243; img_size=\u00bb71*71&#8243; alignment=\u00bbcenter\u00bb css=\u00bb\u00bb][vc_empty_space][vc_column_text css=\u00bb\u00bb]<\/p>\n<p style=\"text-align: center;\">Alquiler de frigor\u00edficos<\/p>\n<p>[\/vc_column_text][\/vc_column_inner][vc_column_inner width=\u00bb1\/4&#8243;][vc_single_image image=\u00bb2250&#8243; img_size=\u00bb71*71&#8243; alignment=\u00bbcenter\u00bb css=\u00bb\u00bb][vc_empty_space][vc_column_text css=\u00bb\u00bb]<\/p>\n<p style=\"text-align: center;\">Espacio de lavander\u00eda (lavadoras y secadora)<\/p>\n<p>[\/vc_column_text][\/vc_column_inner][vc_column_inner width=\u00bb1\/4&#8243;][vc_single_image image=\u00bb1846&#8243; img_size=\u00bb71*71&#8243; alignment=\u00bbcenter\u00bb css=\u00bb\u00bb][vc_empty_space][vc_column_text css=\u00bb\u00bb]<\/p>\n<p style=\"text-align: center;\">Zona de servicio para autocaravanas<\/p>\n<p>[\/vc_column_text][\/vc_column_inner][vc_column_inner width=\u00bb1\/4&#8243;][vc_single_image image=\u00bb2251&#8243; img_size=\u00bb71*71&#8243; alignment=\u00bbcenter\u00bb css=\u00bb\u00bb][vc_empty_space][vc_column_text css=\u00bb\u00bb]<\/p>\n<p style=\"text-align: center;\">Kit para beb\u00e9s<br \/>\n(cuna + trona)<\/p>\n<p>[\/vc_column_text][\/vc_column_inner][\/vc_row_inner][vc_empty_space height=\u00bb15px\u00bb]<div class=\"text-center btnwrap\"><a class=\"btn btn-huttopia-cta\" href=\"https:\/\/checkout.citykamp.com\/965\/es\/\" role=\"button\" target=\"true\" onclick=\"dataLayer.push({'event':'clickCity', 'clickText':'RESERVAR PARCELA'})\">RESERVAR PARCELA<\/a><\/div><\/div>[\/vc_column][\/vc_row][vc_row css=\u00bb.vc_custom_1739892242149{margin-left: -0.5px !important;background-color: #E84E1B33 !important;border-color: #EEEEEEEE !important;}\u00bb][vc_column]<div class=\"wrappedcontent\">[vc_empty_space height=\u00bb15px\u00bb][vc_row_inner gap=\u00bb35&#8243; css=\u00bb.vc_custom_1732031669825{margin-left: -0.5px !important;}\u00bb][vc_column_inner width=\u00bb1\/4&#8243;][vc_masonry_media_grid element_width=\u00bb12&#8243; gap=\u00bb0&#8243; css=\u00bb\u00bb grid_id=\u00bbvc_gid:1757319229958-66356678-a420-2&#8243; include=\u00bb1971&#8243;][\/vc_column_inner][vc_column_inner width=\u00bb3\/4&#8243;][vc_column_text css=\u00bb\u00bb]<\/p>\n<h3><strong><span style=\"color: #e94e1b;\">CAMPING CARD<\/span><\/strong><\/h3>\n<p><span style=\"font-size: 12pt;\">Acampa a partir de <span style=\"color: #e84e1b;\"><strong>15\u20ac<\/strong><\/span>* la noche con la <span style=\"color: #e94e1b;\"><a style=\"color: #e94e1b;\" href=\"https:\/\/www.citykamp.com\/es\/camping-card\/\"><span style=\"text-decoration: underline;\">Camping Card<\/span><\/a><\/span>\u00a0Huttopia.<\/span><br \/>\n<span style=\"font-size: 12pt;\">Benef\u00edciate de precios reducidos y noches gratuitas durante temporada alta y baja, en todos los campings <span style=\"text-decoration: underline;\"><span style=\"color: #e94e1b;\"><a style=\"color: #e94e1b; text-decoration: underline;\" href=\"https:\/\/www.citykamp.com\/es\/destinos\/\">Citykamp<\/a><\/span>,<\/span> <span style=\"text-decoration: underline; color: #e94e1b;\"><a style=\"color: #e94e1b; text-decoration: underline;\" href=\"https:\/\/www.onlycamp.fr\/en\/\">Onlycamp<\/a><\/span> y todos los <span style=\"text-decoration: underline; color: #e94e1b;\"><a style=\"color: #e94e1b; text-decoration: underline;\" href=\"https:\/\/europe.huttopia.com\/es\/destinations\/campings\/\">campings Huttopia<\/a><\/span>.<\/span><\/p>\n<p><em><span style=\"font-size: 10pt;\">*Tarifa que incluye 1 parcela para 2 personas con electricidad (+ animal de compa\u00f1\u00eda gratis).<\/span><\/em>[\/vc_column_text]<div class=\"text-center btnwrap\"><a class=\"btn btn-huttopia-cta\" href=\"https:\/\/www.citykamp.com\/es\/camping-card\/\" role=\"button\" target=\"true\" onclick=\"dataLayer.push({'event':'clickCity', 'clickText':'SABER M\u00c1S'})\">SABER M\u00c1S<\/a><\/div>[\/vc_column_inner][\/vc_row_inner][vc_empty_space height=\u00bb15px\u00bb]<\/div>[\/vc_column][\/vc_row]<\/p>\n<\/div>","protected":false},"excerpt":{"rendered":"<p>[vc_row css=\u00bb.vc_custom_1732029271186{margin-left: -0.5px !important;}\u00bb][vc_column][vc_empty_space height=\u00bb20px\u00bb][\/vc_column][\/vc_row][vc_row css=\u00bb.vc_custom_1739892291909{margin-left: -0.5px !important;background-color: #E8E8E8 !important;}\u00bb][vc_column][\/vc_column][\/vc_row][vc_row css=\u00bb.vc_custom_1739892173009{margin-left: -0.5px !important;border-color: #EEEEEEEE !important;}\u00bb][vc_column][vc_empty_space height=\u00bb15px\u00bb][\/vc_column][\/vc_row][vc_row css=\u00bb.vc_custom_1739892242149{margin-left: -0.5px !important;background-color: #E84E1B33 !important;border-color: #EEEEEEEE !important;}\u00bb][vc_column][\/vc_column][\/vc_row]<\/p>\n","protected":false},"author":4,"featured_media":4095,"parent":0,"menu_order":0,"comment_status":"closed","ping_status":"closed","template":"","meta":{"footnotes":""},"class_list":["post-2007","page","type-page","status-publish","has-post-thumbnail","hentry"],"yoast_head":"<!-- This site is optimized with the Yoast SEO plugin v25.6 - https:\/\/yoast.com\/wordpress\/plugins\/seo\/ -->\n<title>Nuestras parcelas en plena naturaleza | Camping Aix-en-Provence<\/title>\n<meta name=\"description\" content=\"Acampe a las puertas de Aix-en-Provence en un entorno natural. Instale su material en una de nuestras parcelas.\" \/>\n<meta name=\"robots\" content=\"index, follow, max-snippet:-1, max-image-preview:large, max-video-preview:-1\" \/>\n<link rel=\"canonical\" href=\"https:\/\/www.camping-aix-en-provence.com\/es\/parcelas-de-camping\/\" \/>\n<meta property=\"og:locale\" content=\"es_ES\" \/>\n<meta property=\"og:type\" content=\"article\" \/>\n<meta property=\"og:title\" content=\"Nuestras parcelas en plena naturaleza | Camping Aix-en-Provence\" \/>\n<meta property=\"og:description\" content=\"Acampe a las puertas de Aix-en-Provence en un entorno natural. Instale su material en una de nuestras parcelas.\" \/>\n<meta property=\"og:url\" content=\"https:\/\/www.camping-aix-en-provence.com\/es\/parcelas-de-camping\/\" \/>\n<meta property=\"og:site_name\" content=\"Aix-en-Provence\" \/>\n<meta property=\"article:modified_time\" content=\"2025-10-21T08:21:51+00:00\" \/>\n<meta property=\"og:image\" content=\"https:\/\/www.camping-aix-en-provence.com\/uploads\/sites\/55\/2025\/06\/emplacement-camping-car-aix-2.jpg\" \/>\n\t<meta property=\"og:image:width\" content=\"600\" \/>\n\t<meta property=\"og:image:height\" content=\"500\" \/>\n\t<meta property=\"og:image:type\" content=\"image\/jpeg\" \/>\n<meta name=\"twitter:card\" content=\"summary_large_image\" \/>\n<meta name=\"twitter:label1\" content=\"Est. reading time\" \/>\n\t<meta name=\"twitter:data1\" content=\"6 minutos\" \/>\n<script type=\"application\/ld+json\" class=\"yoast-schema-graph\">{\"@context\":\"https:\/\/schema.org\",\"@graph\":[{\"@type\":\"WebPage\",\"@id\":\"https:\/\/www.camping-aix-en-provence.com\/es\/parcelas-de-camping\/\",\"url\":\"https:\/\/www.camping-aix-en-provence.com\/es\/parcelas-de-camping\/\",\"name\":\"Nuestras parcelas en plena naturaleza | Camping Aix-en-Provence\",\"isPartOf\":{\"@id\":\"https:\/\/www.camping-aix-en-provence.com\/es\/#website\"},\"primaryImageOfPage\":{\"@id\":\"https:\/\/www.camping-aix-en-provence.com\/es\/parcelas-de-camping\/#primaryimage\"},\"image\":{\"@id\":\"https:\/\/www.camping-aix-en-provence.com\/es\/parcelas-de-camping\/#primaryimage\"},\"thumbnailUrl\":\"https:\/\/www.camping-aix-en-provence.com\/uploads\/sites\/55\/2025\/06\/emplacement-camping-car-aix-2.jpg\",\"datePublished\":\"2024-05-03T09:50:19+00:00\",\"dateModified\":\"2025-10-21T08:21:51+00:00\",\"description\":\"Acampe a las puertas de Aix-en-Provence en un entorno natural. Instale su material en una de nuestras parcelas.\",\"breadcrumb\":{\"@id\":\"https:\/\/www.camping-aix-en-provence.com\/es\/parcelas-de-camping\/#breadcrumb\"},\"inLanguage\":\"es\",\"potentialAction\":[{\"@type\":\"ReadAction\",\"target\":[\"https:\/\/www.camping-aix-en-provence.com\/es\/parcelas-de-camping\/\"]}]},{\"@type\":\"ImageObject\",\"inLanguage\":\"es\",\"@id\":\"https:\/\/www.camping-aix-en-provence.com\/es\/parcelas-de-camping\/#primaryimage\",\"url\":\"https:\/\/www.camping-aix-en-provence.com\/uploads\/sites\/55\/2025\/06\/emplacement-camping-car-aix-2.jpg\",\"contentUrl\":\"https:\/\/www.camping-aix-en-provence.com\/uploads\/sites\/55\/2025\/06\/emplacement-camping-car-aix-2.jpg\",\"width\":600,\"height\":500},{\"@type\":\"BreadcrumbList\",\"@id\":\"https:\/\/www.camping-aix-en-provence.com\/es\/parcelas-de-camping\/#breadcrumb\",\"itemListElement\":[{\"@type\":\"ListItem\",\"position\":1,\"name\":\"Home\",\"item\":\"https:\/\/www.camping-aix-en-provence.com\/es\/\"},{\"@type\":\"ListItem\",\"position\":2,\"name\":\"Parcelas de camping\"}]},{\"@type\":\"WebSite\",\"@id\":\"https:\/\/www.camping-aix-en-provence.com\/es\/#website\",\"url\":\"https:\/\/www.camping-aix-en-provence.com\/es\/\",\"name\":\"Aix-en-Provence\",\"description\":\"\",\"potentialAction\":[{\"@type\":\"SearchAction\",\"target\":{\"@type\":\"EntryPoint\",\"urlTemplate\":\"https:\/\/www.camping-aix-en-provence.com\/es\/?s={search_term_string}\"},\"query-input\":{\"@type\":\"PropertyValueSpecification\",\"valueRequired\":true,\"valueName\":\"search_term_string\"}}],\"inLanguage\":\"es\"}]}<\/script>\n<!-- \/ Yoast SEO plugin. -->","yoast_head_json":{"title":"Nuestras parcelas en plena naturaleza | Camping Aix-en-Provence","description":"Acampe a las puertas de Aix-en-Provence en un entorno natural. Instale su material en una de nuestras parcelas.","robots":{"index":"index","follow":"follow","max-snippet":"max-snippet:-1","max-image-preview":"max-image-preview:large","max-video-preview":"max-video-preview:-1"},"canonical":"https:\/\/www.camping-aix-en-provence.com\/es\/parcelas-de-camping\/","og_locale":"es_ES","og_type":"article","og_title":"Nuestras parcelas en plena naturaleza | Camping Aix-en-Provence","og_description":"Acampe a las puertas de Aix-en-Provence en un entorno natural. Instale su material en una de nuestras parcelas.","og_url":"https:\/\/www.camping-aix-en-provence.com\/es\/parcelas-de-camping\/","og_site_name":"Aix-en-Provence","article_modified_time":"2025-10-21T08:21:51+00:00","og_image":[{"width":600,"height":500,"url":"https:\/\/www.camping-aix-en-provence.com\/uploads\/sites\/55\/2025\/06\/emplacement-camping-car-aix-2.jpg","type":"image\/jpeg"}],"twitter_card":"summary_large_image","twitter_misc":{"Est. reading time":"6 minutos"},"schema":{"@context":"https:\/\/schema.org","@graph":[{"@type":"WebPage","@id":"https:\/\/www.camping-aix-en-provence.com\/es\/parcelas-de-camping\/","url":"https:\/\/www.camping-aix-en-provence.com\/es\/parcelas-de-camping\/","name":"Nuestras parcelas en plena naturaleza | Camping Aix-en-Provence","isPartOf":{"@id":"https:\/\/www.camping-aix-en-provence.com\/es\/#website"},"primaryImageOfPage":{"@id":"https:\/\/www.camping-aix-en-provence.com\/es\/parcelas-de-camping\/#primaryimage"},"image":{"@id":"https:\/\/www.camping-aix-en-provence.com\/es\/parcelas-de-camping\/#primaryimage"},"thumbnailUrl":"https:\/\/www.camping-aix-en-provence.com\/uploads\/sites\/55\/2025\/06\/emplacement-camping-car-aix-2.jpg","datePublished":"2024-05-03T09:50:19+00:00","dateModified":"2025-10-21T08:21:51+00:00","description":"Acampe a las puertas de Aix-en-Provence en un entorno natural. Instale su material en una de nuestras parcelas.","breadcrumb":{"@id":"https:\/\/www.camping-aix-en-provence.com\/es\/parcelas-de-camping\/#breadcrumb"},"inLanguage":"es","potentialAction":[{"@type":"ReadAction","target":["https:\/\/www.camping-aix-en-provence.com\/es\/parcelas-de-camping\/"]}]},{"@type":"ImageObject","inLanguage":"es","@id":"https:\/\/www.camping-aix-en-provence.com\/es\/parcelas-de-camping\/#primaryimage","url":"https:\/\/www.camping-aix-en-provence.com\/uploads\/sites\/55\/2025\/06\/emplacement-camping-car-aix-2.jpg","contentUrl":"https:\/\/www.camping-aix-en-provence.com\/uploads\/sites\/55\/2025\/06\/emplacement-camping-car-aix-2.jpg","width":600,"height":500},{"@type":"BreadcrumbList","@id":"https:\/\/www.camping-aix-en-provence.com\/es\/parcelas-de-camping\/#breadcrumb","itemListElement":[{"@type":"ListItem","position":1,"name":"Home","item":"https:\/\/www.camping-aix-en-provence.com\/es\/"},{"@type":"ListItem","position":2,"name":"Parcelas de camping"}]},{"@type":"WebSite","@id":"https:\/\/www.camping-aix-en-provence.com\/es\/#website","url":"https:\/\/www.camping-aix-en-provence.com\/es\/","name":"Aix-en-Provence","description":"","potentialAction":[{"@type":"SearchAction","target":{"@type":"EntryPoint","urlTemplate":"https:\/\/www.camping-aix-en-provence.com\/es\/?s={search_term_string}"},"query-input":{"@type":"PropertyValueSpecification","valueRequired":true,"valueName":"search_term_string"}}],"inLanguage":"es"}]}},"_links":{"self":[{"href":"https:\/\/www.camping-aix-en-provence.com\/es\/wp-json\/wp\/v2\/pages\/2007","targetHints":{"allow":["GET"]}}],"collection":[{"href":"https:\/\/www.camping-aix-en-provence.com\/es\/wp-json\/wp\/v2\/pages"}],"about":[{"href":"https:\/\/www.camping-aix-en-provence.com\/es\/wp-json\/wp\/v2\/types\/page"}],"author":[{"embeddable":true,"href":"https:\/\/www.camping-aix-en-provence.com\/es\/wp-json\/wp\/v2\/users\/4"}],"replies":[{"embeddable":true,"href":"https:\/\/www.camping-aix-en-provence.com\/es\/wp-json\/wp\/v2\/comments?post=2007"}],"version-history":[{"count":4,"href":"https:\/\/www.camping-aix-en-provence.com\/es\/wp-json\/wp\/v2\/pages\/2007\/revisions"}],"predecessor-version":[{"id":5153,"href":"https:\/\/www.camping-aix-en-provence.com\/es\/wp-json\/wp\/v2\/pages\/2007\/revisions\/5153"}],"wp:featuredmedia":[{"embeddable":true,"href":"https:\/\/www.camping-aix-en-provence.com\/es\/wp-json\/wp\/v2\/media\/4095"}],"wp:attachment":[{"href":"https:\/\/www.camping-aix-en-provence.com\/es\/wp-json\/wp\/v2\/media?parent=2007"}],"curies":[{"name":"wp","href":"https:\/\/api.w.org\/{rel}","templated":true}]}}